{"id":5250,"date":"2023-03-10T12:34:39","date_gmt":"2023-03-10T11:34:39","guid":{"rendered":"https:\/\/seninterim.sn\/?page_id=5250"},"modified":"2023-10-11T18:00:11","modified_gmt":"2023-10-11T16:00:11","slug":"actualites","status":"publish","type":"page","link":"https:\/\/seninterim.sn\/index.php\/actualites\/","title":{"rendered":"Actualit\u00e9s"},"content":{"rendered":"\t\t<div data-elementor-type=\"wp-page\" data-elementor-id=\"5250\" class=\"elementor elementor-5250\">\n\t\t\t\t\t\t<section class=\"elementor-section elementor-top-section elementor-element elementor-element-f019aba elementor-section-boxed elementor-section-height-default elementor-section-height-default\" data-id=\"f019aba\" data-element_type=\"section\">\n\t\t\t\t\t\t<div class=\"elementor-container elementor-column-gap-default\">\n\t\t\t\t\t<div class=\"elementor-column elementor-col-100 elementor-top-column elementor-element elementor-element-8d4f877\" data-id=\"8d4f877\" data-element_type=\"column\">\n\t\t\t<div class=\"elementor-widget-wrap elementor-element-populated\">\n\t\t\t\t\t\t<div class=\"elementor-element elementor-element-cc743d5 elementor-widget elementor-widget-heading\" data-id=\"cc743d5\" data-element_type=\"widget\" data-widget_type=\"heading.default\">\n\t\t\t\t<div class=\"elementor-widget-container\">\n\t\t\t<style>\/*! elementor - v3.19.0 - 07-02-2024 *\/\n.elementor-heading-title{padding:0;margin:0;line-height:1}.elementor-widget-heading .elementor-heading-title[class*=elementor-size-]>a{color:inherit;font-size:inherit;line-height:inherit}.elementor-widget-heading .elementor-heading-title.elementor-size-small{font-size:15px}.elementor-widget-heading .elementor-heading-title.elementor-size-medium{font-size:19px}.elementor-widget-heading .elementor-heading-title.elementor-size-large{font-size:29px}.elementor-widget-heading .elementor-heading-title.elementor-size-xl{font-size:39px}.elementor-widget-heading .elementor-heading-title.elementor-size-xxl{font-size:59px}<\/style><h2 class=\"elementor-heading-title elementor-size-xxl\">Actualit\u00e9s<\/h2>\t\t<\/div>\n\t\t\t\t<\/div>\n\t\t\t\t\t<\/div>\n\t\t<\/div>\n\t\t\t\t\t<\/div>\n\t\t<\/section>\n\t\t\n        \t\t<section class=\"elementor-section elementor-top-section elementor-element elementor-element-7388c20 elementor-section-boxed elementor-section-height-default elementor-section-height-default\" data-id=\"7388c20\" data-element_type=\"section\">\n\t\t\t\t\t\t<div class=\"elementor-container elementor-column-gap-default\">\n\t\t\t\t\t<div class=\"elementor-column elementor-col-100 elementor-top-column elementor-element elementor-element-0e53f57\" data-id=\"0e53f57\" data-element_type=\"column\">\n\t\t\t<div class=\"elementor-widget-wrap elementor-element-populated\">\n\t\t\t\t\t\t<div class=\"elementor-element elementor-element-31d1a15 elementor-widget elementor-widget-text-editor\" data-id=\"31d1a15\" data-element_type=\"widget\" data-widget_type=\"text-editor.default\">\n\t\t\t\t<div class=\"elementor-widget-container\">\n\t\t\t<style>\/*! elementor - v3.19.0 - 07-02-2024 *\/\n.elementor-widget-text-editor.elementor-drop-cap-view-stacked .elementor-drop-cap{background-color:#69727d;color:#fff}.elementor-widget-text-editor.elementor-drop-cap-view-framed .elementor-drop-cap{color:#69727d;border:3px solid;background-color:transparent}.elementor-widget-text-editor:not(.elementor-drop-cap-view-default) .elementor-drop-cap{margin-top:8px}.elementor-widget-text-editor:not(.elementor-drop-cap-view-default) .elementor-drop-cap-letter{width:1em;height:1em}.elementor-widget-text-editor .elementor-drop-cap{float:left;text-align:center;line-height:1;font-size:50px}.elementor-widget-text-editor .elementor-drop-cap-letter{display:inline-block}<\/style>\t\t\t\t<p>Restez \u00e0 jour avec nos derni\u00e8res annonces<\/p>\t\t\t\t\t\t<\/div>\n\t\t\t\t<\/div>\n\t\t\t\t\t<\/div>\n\t\t<\/div>\n\t\t\t\t\t<\/div>\n\t\t<\/section>\n\t\t\n        \t\t<section class=\"elementor-section elementor-top-section elementor-element elementor-element-ee94274 elementor-section-boxed elementor-section-height-default elementor-section-height-default\" data-id=\"ee94274\" data-element_type=\"section\">\n\t\t\t\t\t\t<div class=\"elementor-container elementor-column-gap-default\">\n\t\t\t\t\t<div class=\"elementor-column elementor-col-100 elementor-top-column elementor-element elementor-element-f5d8115\" data-id=\"f5d8115\" data-element_type=\"column\">\n\t\t\t<div class=\"elementor-widget-wrap\">\n\t\t\t\t\t\t\t<\/div>\n\t\t<\/div>\n\t\t\t\t\t<\/div>\n\t\t<\/section>\n\t\t\n        \t\t<section class=\"elementor-section elementor-top-section elementor-element elementor-element-97308e8 elementor-section-boxed elementor-section-height-default elementor-section-height-default\" data-id=\"97308e8\" data-element_type=\"section\">\n\t\t\t\t\t\t<div class=\"elementor-container elementor-column-gap-default\">\n\t\t\t\t\t<div class=\"elementor-column elementor-col-50 elementor-top-column elementor-element elementor-element-483d7a8\" data-id=\"483d7a8\" data-element_type=\"column\">\n\t\t\t<div class=\"elementor-widget-wrap elementor-element-populated\">\n\t\t\t\t\t\t<div class=\"elementor-element elementor-element-56c3711 elementor-widget__width-initial elementor-widget elementor-widget-elementskit-blog-posts\" data-id=\"56c3711\" data-element_type=\"widget\" data-widget_type=\"elementskit-blog-posts.default\">\n\t\t\t\t<div class=\"elementor-widget-container\">\n\t\t\t<div class=\"ekit-wid-con\" >        <div id=\"post-items--56c3711\" class=\"row post-items\">\n                    <div class=\"col-lg-12 col-md-12\">\n\n                                    <div class=\"elementskit-post-image-card\">\n                        <div class=\"elementskit-entry-header\">\n                                                            <a href=\"https:\/\/seninterim.sn\/index.php\/2023\/10\/11\/la-sen-interim-au-salon-international-des-mines-sim-2023\/\" class=\"elementskit-entry-thumb\">\n                                    <img decoding=\"async\" src=\"https:\/\/seninterim.sn\/wp-content\/uploads\/2023\/10\/IMG-20231010-WA0007-878x310.jpg\" alt=\"La SEN INTERIM au Salon International des Mines (SIM) 2023\">\n                                <\/a><!-- .elementskit-entry-thumb END -->\n                                                                                                    <div class=\"elementskit-meta-lists elementskit-style-tag\">\n                                        <div class=\"elementskit-single-meta triangle_left\"><span class=\"elementskit-meta-wraper\"><strong>11<\/strong>Oct<\/span><\/div>\n                                    <\/div>\n                                                                                            \n                                                            <div class=\"elementskit-meta-categories\">\n                                    <span class=\"elementskit-meta-wraper\">\n                                        <span><a href=\"https:\/\/seninterim.sn\/index.php\/category\/evenement\/\" rel=\"category tag\">Ev\u00e9nement<\/a><\/span>\n                                    <\/span>\n                                <\/div>\n                            \n\t\t\t\t\t\t\t\t\t\t\t\t\t<\/div><!-- .elementskit-entry-header END -->\n\n\t\t\t\t\t\t<div class=\"elementskit-post-body \">\n\t\t\t\t\t\t\t\n\t\t\t\t\t\t\t\t\t\t\t\t\t\t\t\t\t\t\t\t\t\t\t\t\t\t\t\t\t\t\n\t\t\t\t\t\t\t\t\n\t\t\t\t\t\t\t\t\t\t\t\t\t\t\t\t\t\t\t\t\t<h2 class=\"entry-title\">\n\t\t\t\t\t<a href=\"https:\/\/seninterim.sn\/index.php\/2023\/10\/11\/la-sen-interim-au-salon-international-des-mines-sim-2023\/\">\n\t\t\t\t\t\tLa SEN INTERIM au Salon International des Mines (SIM) 2023\t\t\t\t\t<\/a>\n\t\t\t\t<\/h2>\n\t\t\t\t\t\t\t\t\t\t\t\t\t\t\t\t\t\t\t\t\t\t\t\t\t\t\t\t\t\t\t\t\t\t\t\t\t\t\t\t\t\t<p>La SEN INTERIM a particip\u00e9 en tant qu\u2019exposant \u00e0 la 7\u00e8me \u00e9dition du Salon International des Mines (SIM) S\u00e9n\u00e9gal au Centre international de conf\u00e9rences Abdou Diouf (CICAD) \u00e0 Dakar du 3 au 5 octobre 2023. L&rsquo;\u00e9v\u00e9nement est organis\u00e9 par le Minist\u00e8re des Mines et\u2026<\/p>\n\t\t\t\t\t\t\t\t\t\t\t\t\t\t\t\t\t\t\t\t\t\t                                                            <div class=\"btn-wraper\">\n                                    \n                                                                            <a href=\"https:\/\/seninterim.sn\/index.php\/2023\/10\/11\/la-sen-interim-au-salon-international-des-mines-sim-2023\/\" class=\"elementskit-btn  whitespace--normal\" >\n                                                                                    Lire plus                                        <\/a>\n                                                                    <\/div>\n                                                    <\/div><!-- .elementskit-post-body END -->\n                    <\/div>\n                \n            <\/div>\n                <\/div>\n       <\/div>\t\t<\/div>\n\t\t\t\t<\/div>\n\t\t\t\t\t<\/div>\n\t\t<\/div>\n\t\t\t\t<div class=\"elementor-column elementor-col-50 elementor-top-column elementor-element elementor-element-2668327\" data-id=\"2668327\" data-element_type=\"column\">\n\t\t\t<div class=\"elementor-widget-wrap elementor-element-populated\">\n\t\t\t\t\t\t<div class=\"elementor-element elementor-element-1e03aed elementor-widget__width-initial elementor-widget elementor-widget-elementskit-blog-posts\" data-id=\"1e03aed\" data-element_type=\"widget\" data-widget_type=\"elementskit-blog-posts.default\">\n\t\t\t\t<div class=\"elementor-widget-container\">\n\t\t\t<div class=\"ekit-wid-con\" >        <div id=\"post-items--1e03aed\" class=\"row post-items\">\n                    <div class=\"col-lg-12 col-md-12\">\n\n                                    <div class=\"elementskit-post-image-card\">\n                        <div class=\"elementskit-entry-header\">\n                                                            <a href=\"https:\/\/seninterim.sn\/index.php\/2023\/10\/11\/la-sen-interim-au-salon-international-des-mines-sim-2023\/\" class=\"elementskit-entry-thumb\">\n                                    <img decoding=\"async\" src=\"https:\/\/seninterim.sn\/wp-content\/uploads\/2023\/10\/IMG-20231010-WA0007-770x265.jpg\" alt=\"La SEN INTERIM au Salon International des Mines (SIM) 2023\">\n                                <\/a><!-- .elementskit-entry-thumb END -->\n                                                                                                    <div class=\"elementskit-meta-lists elementskit-style-tag\">\n                                        <div class=\"elementskit-single-meta triangle_left\"><span class=\"elementskit-meta-wraper\"><strong>11<\/strong>Oct<\/span><\/div>\n                                    <\/div>\n                                                                                            \n                                                            <div class=\"elementskit-meta-categories\">\n                                    <span class=\"elementskit-meta-wraper\">\n                                        <span><a href=\"https:\/\/seninterim.sn\/index.php\/category\/evenement\/\" rel=\"category tag\">Ev\u00e9nement<\/a><\/span>\n                                    <\/span>\n                                <\/div>\n                            \n\t\t\t\t\t\t\t\t\t\t\t\t\t<\/div><!-- .elementskit-entry-header END -->\n\n\t\t\t\t\t\t<div class=\"elementskit-post-body \">\n\t\t\t\t\t\t\t\n\t\t\t\t\t\t\t\t\t\t\t\t\t\t\t\t\t\t\t\t\t\t\t\t\t\t\t\t\t\t\n\t\t\t\t\t\t\t\t\n\t\t\t\t\t\t\t\t\t\t\t\t\t\t\t\t\t\t\t\t\t<h2 class=\"entry-title\">\n\t\t\t\t\t<a href=\"https:\/\/seninterim.sn\/index.php\/2023\/10\/11\/la-sen-interim-au-salon-international-des-mines-sim-2023\/\">\n\t\t\t\t\t\tLa SEN INTERIM au Salon International des Mines (SIM)\u2026\t\t\t\t\t<\/a>\n\t\t\t\t<\/h2>\n\t\t\t\t\t\t\t\t\t\t\t\t\t\t\t\t\t\t\t\t\t\t\t\t\t\t\t\t\t\t\t\t\t\t\t\t\t\t\t\t\t\t<p>La SEN INTERIM a particip\u00e9 en tant qu\u2019exposant \u00e0 la 7\u00e8me \u00e9dition du Salon International des Mines (SIM)\u2026<\/p>\n\t\t\t\t\t\t\t\t\t\t\t\t\t\t\t\t\t\t\t\t\t\t                                                            <div class=\"btn-wraper\">\n                                    \n                                                                            <a href=\"https:\/\/seninterim.sn\/index.php\/2023\/10\/11\/la-sen-interim-au-salon-international-des-mines-sim-2023\/\" class=\"elementskit-btn  whitespace--normal\" >\n                                                                                    Lire plus                                        <\/a>\n                                                                    <\/div>\n                                                    <\/div><!-- .elementskit-post-body END -->\n                    <\/div>\n                \n            <\/div>\n                <\/div>\n       <\/div>\t\t<\/div>\n\t\t\t\t<\/div>\n\t\t\t\t\t<\/div>\n\t\t<\/div>\n\t\t\t\t\t<\/div>\n\t\t<\/section>\n\t\t\n        \t\t<section class=\"elementor-section elementor-top-section elementor-element elementor-element-e06435d elementor-section-boxed elementor-section-height-default elementor-section-height-default\" data-id=\"e06435d\" data-element_type=\"section\">\n\t\t\t\t\t\t<div class=\"elementor-container elementor-column-gap-default\">\n\t\t\t\t\t<div class=\"elementor-column elementor-col-100 elementor-top-column elementor-element elementor-element-a610873\" data-id=\"a610873\" data-element_type=\"column\">\n\t\t\t<div class=\"elementor-widget-wrap elementor-element-populated\">\n\t\t\t\t\t\t<div class=\"elementor-element elementor-element-c893c91 elementor-widget__width-initial elementor-widget elementor-widget-elementskit-blog-posts\" data-id=\"c893c91\" data-element_type=\"widget\" data-widget_type=\"elementskit-blog-posts.default\">\n\t\t\t\t<div class=\"elementor-widget-container\">\n\t\t\t<div class=\"ekit-wid-con\" >        <div id=\"post-items--c893c91\" class=\"row post-items\">\n                    <div class=\"col-lg-12 col-md-12\">\n\n                                    <div class=\"elementskit-post-image-card\">\n                        <div class=\"elementskit-entry-header\">\n                                                            <a href=\"https:\/\/seninterim.sn\/index.php\/2023\/11\/17\/deuxieme-edition-de-formation-en-sstsauveteur-secouriste-du-travail\/\" class=\"elementskit-entry-thumb\">\n                                    <img decoding=\"async\" src=\"https:\/\/seninterim.sn\/wp-content\/uploads\/2023\/11\/IMG-20231116-WA0063-878x410.jpg\" alt=\"Deuxi\u00e8me Edition de formation en SST(Sauveteur, Secouriste du Travail)\">\n                                <\/a><!-- .elementskit-entry-thumb END -->\n                                                                                                    <div class=\"elementskit-meta-lists elementskit-style-tag\">\n                                        <div class=\"elementskit-single-meta triangle_left\"><span class=\"elementskit-meta-wraper\"><strong>17<\/strong>Nov<\/span><\/div>\n                                    <\/div>\n                                                                                            \n                                                            <div class=\"elementskit-meta-categories\">\n                                    <span class=\"elementskit-meta-wraper\">\n                                        <span><a href=\"https:\/\/seninterim.sn\/index.php\/category\/formation\/\" rel=\"category tag\">Formation<\/a><\/span>\n                                    <\/span>\n                                <\/div>\n                            \n\t\t\t\t\t\t\t\t\t\t\t\t\t<\/div><!-- .elementskit-entry-header END -->\n\n\t\t\t\t\t\t<div class=\"elementskit-post-body \">\n\t\t\t\t\t\t\t\n\t\t\t\t\t\t\t\t\t\t\t\t\t\t\t\t\t\t\t\t\t\t\t\t\t\t\t\t\t\t\n\t\t\t\t\t\t\t\t\n\t\t\t\t\t\t\t\t\t\t\t\t\t\t\t\t\t\t\t\t\t<h2 class=\"entry-title\">\n\t\t\t\t\t<a href=\"https:\/\/seninterim.sn\/index.php\/2023\/11\/17\/deuxieme-edition-de-formation-en-sstsauveteur-secouriste-du-travail\/\">\n\t\t\t\t\t\tDeuxi\u00e8me Edition de formation en SST(Sauveteur,\u2026\t\t\t\t\t<\/a>\n\t\t\t\t<\/h2>\n\t\t\t\t\t\t\t\t\t\t\t\t\t\t\t\t\t\t\t\t\t\t\t\t\t\t\t\t\t\t\t\t\t\t\t\t\t\t\t\t\t\t<p>Les Mardi 07 et Mercredi 08 Novembre 2023, nous avons organis\u00e9 la deuxi\u00e8me Edition de formation en SST(Sauveteur, Secouriste du Travail)\u00a0 dans la salle de formation\u2026<\/p>\n\t\t\t\t\t\t\t\t\t\t\t\t\t\t\t\t\t\t\t\t\t\t                                                            <div class=\"btn-wraper\">\n                                    \n                                                                            <a href=\"https:\/\/seninterim.sn\/index.php\/2023\/11\/17\/deuxieme-edition-de-formation-en-sstsauveteur-secouriste-du-travail\/\" class=\"elementskit-btn  whitespace--normal\" >\n                                                                                    Lire plus                                        <\/a>\n                                                                    <\/div>\n                                                    <\/div><!-- .elementskit-post-body END -->\n                    <\/div>\n                \n            <\/div>\n                <\/div>\n       <\/div>\t\t<\/div>\n\t\t\t\t<\/div>\n\t\t\t\t\t<\/div>\n\t\t<\/div>\n\t\t\t\t\t<\/div>\n\t\t<\/section>\n\t\t\n        \t\t<section class=\"elementor-section elementor-top-section elementor-element elementor-element-9754f19 elementor-section-boxed elementor-section-height-default elementor-section-height-default\" data-id=\"9754f19\" data-element_type=\"section\">\n\t\t\t\t\t\t<div class=\"elementor-container elementor-column-gap-default\">\n\t\t\t\t\t<div class=\"elementor-column elementor-col-100 elementor-top-column elementor-element elementor-element-51287da\" data-id=\"51287da\" data-element_type=\"column\">\n\t\t\t<div class=\"elementor-widget-wrap\">\n\t\t\t\t\t\t\t<\/div>\n\t\t<\/div>\n\t\t\t\t\t<\/div>\n\t\t<\/section>\n\t\t\n        \t\t<section class=\"elementor-section elementor-top-section elementor-element elementor-element-0f4845c elementor-section-boxed elementor-section-height-default elementor-section-height-default\" data-id=\"0f4845c\" data-element_type=\"section\">\n\t\t\t\t\t\t<div class=\"elementor-container elementor-column-gap-default\">\n\t\t\t\t\t<div class=\"elementor-column elementor-col-50 elementor-top-column elementor-element elementor-element-6d481de\" data-id=\"6d481de\" data-element_type=\"column\">\n\t\t\t<div class=\"elementor-widget-wrap elementor-element-populated\">\n\t\t\t\t\t\t<div class=\"elementor-element elementor-element-c19d0f3 elementor-widget__width-initial elementor-widget elementor-widget-elementskit-blog-posts\" data-id=\"c19d0f3\" data-element_type=\"widget\" data-widget_type=\"elementskit-blog-posts.default\">\n\t\t\t\t<div class=\"elementor-widget-container\">\n\t\t\t<div class=\"ekit-wid-con\" >        <div id=\"post-items--c19d0f3\" class=\"row post-items\">\n                    <div class=\"col-lg-12 col-md-12\">\n\n                                    <div class=\"elementskit-post-image-card\">\n                        <div class=\"elementskit-entry-header\">\n                                                            <a href=\"https:\/\/seninterim.sn\/index.php\/2023\/03\/09\/la-seninterim-au-salon-international-de-preventica-2022\/\" class=\"elementskit-entry-thumb\">\n                                    <img decoding=\"async\" src=\"https:\/\/seninterim.sn\/wp-content\/uploads\/2023\/03\/20221108_161304-1-878x310.jpg\" alt=\"La SENINTERIM au salon international de PREVENTICA 2022\">\n                                <\/a><!-- .elementskit-entry-thumb END -->\n                                                                                                    <div class=\"elementskit-meta-lists elementskit-style-tag\">\n                                        <div class=\"elementskit-single-meta triangle_left\"><span class=\"elementskit-meta-wraper\"><strong>09<\/strong>Mar<\/span><\/div>\n                                    <\/div>\n                                                                                            \n                                                            <div class=\"elementskit-meta-categories\">\n                                    <span class=\"elementskit-meta-wraper\">\n                                        <span><a href=\"https:\/\/seninterim.sn\/index.php\/category\/forum-numerique\/\" rel=\"category tag\">Forum num\u00e9rique<\/a><\/span>\n                                    <\/span>\n                                <\/div>\n                            \n\t\t\t\t\t\t\t\t\t\t\t\t\t<\/div><!-- .elementskit-entry-header END -->\n\n\t\t\t\t\t\t<div class=\"elementskit-post-body \">\n\t\t\t\t\t\t\t\n\t\t\t\t\t\t\t\t\t\t\t\t\t\t\t\t\t\t\t\t\t\t\t\t\t\t\t\t\t\t\n\t\t\t\t\t\t\t\t\n\t\t\t\t\t\t\t\t\t\t\t\t\t\t\t\t\t\t\t\t\t<h2 class=\"entry-title\">\n\t\t\t\t\t<a href=\"https:\/\/seninterim.sn\/index.php\/2023\/03\/09\/la-seninterim-au-salon-international-de-preventica-2022\/\">\n\t\t\t\t\t\tLa SENINTERIM au salon international de PREVENTICA 2022\t\t\t\t\t<\/a>\n\t\t\t\t<\/h2>\n\t\t\t\t\t\t\t\t\t\t\t\t\t\t\t\t\t\t\t\t\t\t\t\t\t\t\t\t\t\t\t\t\t\t\t\t\t\t\t\t\t\t<p>Dans le cadre de notre engagement dans la certification MASE nous avions particip\u00e9 au salon international de PREVENTICA, qui s\u2019est tenu au King Fahd Palace les 8,9 et 10 Novembre 2022.Ce forum International ax\u00e9 sur la Ma\u00eetrise des risques en Afrique, pour un d\u00e9veloppement\u2026<\/p>\n\t\t\t\t\t\t\t\t\t\t\t\t\t\t\t\t\t\t\t\t\t\t                                                            <div class=\"btn-wraper\">\n                                    \n                                                                            <a href=\"https:\/\/seninterim.sn\/index.php\/2023\/03\/09\/la-seninterim-au-salon-international-de-preventica-2022\/\" class=\"elementskit-btn  whitespace--normal\" >\n                                                                                    Lire plus                                        <\/a>\n                                                                    <\/div>\n                                                    <\/div><!-- .elementskit-post-body END -->\n                    <\/div>\n                \n            <\/div>\n                <\/div>\n       <\/div>\t\t<\/div>\n\t\t\t\t<\/div>\n\t\t\t\t\t<\/div>\n\t\t<\/div>\n\t\t\t\t<div class=\"elementor-column elementor-col-50 elementor-top-column elementor-element elementor-element-f966813\" data-id=\"f966813\" data-element_type=\"column\">\n\t\t\t<div class=\"elementor-widget-wrap elementor-element-populated\">\n\t\t\t\t\t\t<div class=\"elementor-element elementor-element-b327fe9 elementor-widget__width-initial elementor-widget elementor-widget-elementskit-blog-posts\" data-id=\"b327fe9\" data-element_type=\"widget\" data-widget_type=\"elementskit-blog-posts.default\">\n\t\t\t\t<div class=\"elementor-widget-container\">\n\t\t\t<div class=\"ekit-wid-con\" >        <div id=\"post-items--b327fe9\" class=\"row post-items\">\n                    <div class=\"col-lg-12 col-md-12\">\n\n                                    <div class=\"elementskit-post-image-card\">\n                        <div class=\"elementskit-entry-header\">\n                                                            <a href=\"https:\/\/seninterim.sn\/index.php\/2023\/03\/09\/la-seninterim-au-lancement-officiel-de-la-marque-senegal-numerique-sa-senum-ex-adie\/\" class=\"elementskit-entry-thumb\">\n                                    <img decoding=\"async\" src=\"https:\/\/seninterim.sn\/wp-content\/uploads\/2023\/03\/img-20230221-wa0000-3-539x265.jpg\" alt=\"La SENINTERIM au lancement officiel de la marque SENEGAL NUMERIQUE SA (SENUM) ex ADIE\">\n                                <\/a><!-- .elementskit-entry-thumb END -->\n                                                                                                    <div class=\"elementskit-meta-lists elementskit-style-tag\">\n                                        <div class=\"elementskit-single-meta triangle_left\"><span class=\"elementskit-meta-wraper\"><strong>09<\/strong>Mar<\/span><\/div>\n                                    <\/div>\n                                                                                            \n                                                            <div class=\"elementskit-meta-categories\">\n                                    <span class=\"elementskit-meta-wraper\">\n                                        <span><a href=\"https:\/\/seninterim.sn\/index.php\/category\/forum-numerique\/\" rel=\"category tag\">Forum num\u00e9rique<\/a><\/span>\n                                    <\/span>\n                                <\/div>\n                            \n\t\t\t\t\t\t\t\t\t\t\t\t\t<\/div><!-- .elementskit-entry-header END -->\n\n\t\t\t\t\t\t<div class=\"elementskit-post-body \">\n\t\t\t\t\t\t\t\n\t\t\t\t\t\t\t\t\t\t\t\t\t\t\t\t\t\t\t\t\t\t\t\t\t\t\t\t\t\t\n\t\t\t\t\t\t\t\t\n\t\t\t\t\t\t\t\t\t\t\t\t\t\t\t\t\t\t\t\t\t<h2 class=\"entry-title\">\n\t\t\t\t\t<a href=\"https:\/\/seninterim.sn\/index.php\/2023\/03\/09\/la-seninterim-au-lancement-officiel-de-la-marque-senegal-numerique-sa-senum-ex-adie\/\">\n\t\t\t\t\t\tLa SENINTERIM au lancement officiel de la marque SENEGAL NUMERIQUE SA (SENUM) ex\u2026\t\t\t\t\t<\/a>\n\t\t\t\t<\/h2>\n\t\t\t\t\t\t\t\t\t\t\t\t\t\t\t\t\t\t\t\t\t\t\t\t\t\t\t\t\t\t\t\t\t\t\t\t\t\t\t\t\t\t<p>La SENINTERIM \u00e9tait pr\u00e9sent au lancement officiel de la marque SENEGAL NUMERIQUE SA (SENUM) ex ADIE, pour montrer\u2026<\/p>\n\t\t\t\t\t\t\t\t\t\t\t\t\t\t\t\t\t\t\t\t\t\t                                                            <div class=\"btn-wraper\">\n                                    \n                                                                            <a href=\"https:\/\/seninterim.sn\/index.php\/2023\/03\/09\/la-seninterim-au-lancement-officiel-de-la-marque-senegal-numerique-sa-senum-ex-adie\/\" class=\"elementskit-btn  whitespace--normal\" >\n                                                                                    Lire plus                                        <\/a>\n                                                                    <\/div>\n                                                    <\/div><!-- .elementskit-post-body END -->\n                    <\/div>\n                \n            <\/div>\n                <\/div>\n       <\/div>\t\t<\/div>\n\t\t\t\t<\/div>\n\t\t\t\t\t<\/div>\n\t\t<\/div>\n\t\t\t\t\t<\/div>\n\t\t<\/section>\n\t\t\n        \t\t<section class=\"elementor-section elementor-top-section elementor-element elementor-element-2b414be elementor-section-boxed elementor-section-height-default elementor-section-height-default\" data-id=\"2b414be\" data-element_type=\"section\">\n\t\t\t\t\t\t<div class=\"elementor-container elementor-column-gap-default\">\n\t\t\t\t\t<div class=\"elementor-column elementor-col-100 elementor-top-column elementor-element elementor-element-57586dc\" data-id=\"57586dc\" data-element_type=\"column\">\n\t\t\t<div class=\"elementor-widget-wrap elementor-element-populated\">\n\t\t\t\t\t\t\t<\/div>\n\t\t<\/div>\n\t\t\t\t\t<\/div>\n\t\t<\/section>\n\t\t\n        \t\t<section class=\"elementor-section elementor-top-section elementor-element elementor-element-88d0395 elementor-section-boxed elementor-section-height-default elementor-section-height-default\" data-id=\"88d0395\" data-element_type=\"section\">\n\t\t\t\t\t\t<div class=\"elementor-container elementor-column-gap-default\">\n\t\t\t\t\t<div class=\"elementor-column elementor-col-50 elementor-top-column elementor-element elementor-element-68765c2\" data-id=\"68765c2\" data-element_type=\"column\">\n\t\t\t<div class=\"elementor-widget-wrap elementor-element-populated\">\n\t\t\t\t\t\t<div class=\"elementor-element elementor-element-599cb77 elementor-widget__width-initial elementor-widget elementor-widget-elementskit-blog-posts\" data-id=\"599cb77\" data-element_type=\"widget\" data-widget_type=\"elementskit-blog-posts.default\">\n\t\t\t\t<div class=\"elementor-widget-container\">\n\t\t\t<div class=\"ekit-wid-con\" >        <div id=\"post-items--599cb77\" class=\"row post-items\">\n                    <div class=\"col-lg-12 col-md-12\">\n\n                                    <div class=\"elementskit-post-image-card\">\n                        <div class=\"elementskit-entry-header\">\n                                                            <a href=\"https:\/\/seninterim.sn\/index.php\/2023\/06\/07\/visite-medicale-annuelle\/\" class=\"elementskit-entry-thumb\">\n                                    <img decoding=\"async\" src=\"https:\/\/seninterim.sn\/wp-content\/uploads\/2023\/06\/IMG-20230525-WA0006-878x310.jpg\" alt=\"Visite m\u00e9dicale annuelle\">\n                                <\/a><!-- .elementskit-entry-thumb END -->\n                                                                                                    <div class=\"elementskit-meta-lists elementskit-style-tag\">\n                                        <div class=\"elementskit-single-meta triangle_left\"><span class=\"elementskit-meta-wraper\"><strong>07<\/strong>Juin<\/span><\/div>\n                                    <\/div>\n                                                                                            \n                                                            <div class=\"elementskit-meta-categories\">\n                                    <span class=\"elementskit-meta-wraper\">\n                                        <span><a href=\"https:\/\/seninterim.sn\/index.php\/category\/evenement\/\" rel=\"category tag\">Ev\u00e9nement<\/a><\/span>\n                                    <\/span>\n                                <\/div>\n                            \n\t\t\t\t\t\t\t\t\t\t\t\t\t<\/div><!-- .elementskit-entry-header END -->\n\n\t\t\t\t\t\t<div class=\"elementskit-post-body \">\n\t\t\t\t\t\t\t\n\t\t\t\t\t\t\t\t\t\t\t\t\t\t\t\t\t\t\t\t\t\t\t\t\t\t\t\t\t\t\n\t\t\t\t\t\t\t\t\n\t\t\t\t\t\t\t\t\t\t\t\t\t\t\t\t\t\t\t\t\t<h2 class=\"entry-title\">\n\t\t\t\t\t<a href=\"https:\/\/seninterim.sn\/index.php\/2023\/06\/07\/visite-medicale-annuelle\/\">\n\t\t\t\t\t\tVisite m\u00e9dicale annuelle\t\t\t\t\t<\/a>\n\t\t\t\t<\/h2>\n\t\t\t\t\t\t\t\t\t\t\t\t\t\t\t\t\t\t\t\t\t\t\t\t\t\t\t\t\t\t\t\t\t\t\t\t\t\t\t\t\t\t<p>Soucieux du bon d\u00e9roulement de l&rsquo;activit\u00e9 de ses clients et de la sant\u00e9 de ses agents, \u00a0La SENINTERIM a effectu\u00e9 la visite m\u00e9dicale annuelle dans toutes les r\u00e9gions du S\u00e9n\u00e9gal comme chaque ann\u00e9e.<\/p>\n\t\t\t\t\t\t\t\t\t\t\t\t\t\t\t\t\t\t\t\t\t\t                                                            <div class=\"btn-wraper\">\n                                    \n                                                                            <a href=\"https:\/\/seninterim.sn\/index.php\/2023\/06\/07\/visite-medicale-annuelle\/\" class=\"elementskit-btn  whitespace--normal\" >\n                                                                                    Lire plus                                        <\/a>\n                                                                    <\/div>\n                                                    <\/div><!-- .elementskit-post-body END -->\n                    <\/div>\n                \n            <\/div>\n                <\/div>\n       <\/div>\t\t<\/div>\n\t\t\t\t<\/div>\n\t\t\t\t\t<\/div>\n\t\t<\/div>\n\t\t\t\t<div class=\"elementor-column elementor-col-50 elementor-top-column elementor-element elementor-element-617650a\" data-id=\"617650a\" data-element_type=\"column\">\n\t\t\t<div class=\"elementor-widget-wrap elementor-element-populated\">\n\t\t\t\t\t\t<div class=\"elementor-element elementor-element-8dc6df6 elementor-widget__width-initial elementor-widget elementor-widget-elementskit-blog-posts\" data-id=\"8dc6df6\" data-element_type=\"widget\" data-widget_type=\"elementskit-blog-posts.default\">\n\t\t\t\t<div class=\"elementor-widget-container\">\n\t\t\t<div class=\"ekit-wid-con\" >        <div id=\"post-items--8dc6df6\" class=\"row post-items\">\n                    <div class=\"col-lg-12 col-md-12\">\n\n                                    <div class=\"elementskit-post-image-card\">\n                        <div class=\"elementskit-entry-header\">\n                                                            <a href=\"https:\/\/seninterim.sn\/index.php\/2023\/05\/09\/la-celebration-de-la-fete-du-travail-1er-mai-a-ete-un-jour-memorable\/\" class=\"elementskit-entry-thumb\">\n                                    <img decoding=\"async\" src=\"https:\/\/seninterim.sn\/wp-content\/uploads\/2023\/05\/DSC05128-1-770x265.jpg\" alt=\"La c\u00e9l\u00e9bration de la f\u00eate du travail 1er Mai a \u00e9t\u00e9 un jour m\u00e9morable\">\n                                <\/a><!-- .elementskit-entry-thumb END -->\n                                                                                                    <div class=\"elementskit-meta-lists elementskit-style-tag\">\n                                        <div class=\"elementskit-single-meta triangle_left\"><span class=\"elementskit-meta-wraper\"><strong>09<\/strong>Mai<\/span><\/div>\n                                    <\/div>\n                                                                                            \n                                                            <div class=\"elementskit-meta-categories\">\n                                    <span class=\"elementskit-meta-wraper\">\n                                        <span><a href=\"https:\/\/seninterim.sn\/index.php\/category\/evenement\/\" rel=\"category tag\">Ev\u00e9nement<\/a><\/span>\n                                    <\/span>\n                                <\/div>\n                            \n\t\t\t\t\t\t\t\t\t\t\t\t\t<\/div><!-- .elementskit-entry-header END -->\n\n\t\t\t\t\t\t<div class=\"elementskit-post-body \">\n\t\t\t\t\t\t\t\n\t\t\t\t\t\t\t\t\t\t\t\t\t\t\t\t\t\t\t\t\t\t\t\t\t\t\t\t\t\t\n\t\t\t\t\t\t\t\t\n\t\t\t\t\t\t\t\t\t\t\t\t\t\t\t\t\t\t\t\t\t<h2 class=\"entry-title\">\n\t\t\t\t\t<a href=\"https:\/\/seninterim.sn\/index.php\/2023\/05\/09\/la-celebration-de-la-fete-du-travail-1er-mai-a-ete-un-jour-memorable\/\">\n\t\t\t\t\t\tLa c\u00e9l\u00e9bration de la f\u00eate du travail 1er Mai a \u00e9t\u00e9 un jour\u2026\t\t\t\t\t<\/a>\n\t\t\t\t<\/h2>\n\t\t\t\t\t\t\t\t\t\t\t\t\t\t\t\t\t\t\t\t\t\t\t\t\t\t\t\t\t\t\t\t\t\t\t\t\t\t\t\t\t\t<p>Le 1er Mai a \u00e9t\u00e9 un jour m\u00e9morable pour SEN INTERIM, nous l\u2019avons f\u00eat\u00e9 ensemble avec les hommes\u2026<\/p>\n\t\t\t\t\t\t\t\t\t\t\t\t\t\t\t\t\t\t\t\t\t\t                                                            <div class=\"btn-wraper\">\n                                    \n                                                                            <a href=\"https:\/\/seninterim.sn\/index.php\/2023\/05\/09\/la-celebration-de-la-fete-du-travail-1er-mai-a-ete-un-jour-memorable\/\" class=\"elementskit-btn  whitespace--normal\" >\n                                                                                    Lire plus                                        <\/a>\n                                                                    <\/div>\n                                                    <\/div><!-- .elementskit-post-body END -->\n                    <\/div>\n                \n            <\/div>\n                <\/div>\n       <\/div>\t\t<\/div>\n\t\t\t\t<\/div>\n\t\t\t\t\t<\/div>\n\t\t<\/div>\n\t\t\t\t\t<\/div>\n\t\t<\/section>\n\t\t\n        \t\t<section class=\"elementor-section elementor-top-section elementor-element elementor-element-91b0145 elementor-section-boxed elementor-section-height-default elementor-section-height-default\" data-id=\"91b0145\" data-element_type=\"section\">\n\t\t\t\t\t\t<div class=\"elementor-container elementor-column-gap-default\">\n\t\t\t\t\t<div class=\"elementor-column elementor-col-100 elementor-top-column elementor-element elementor-element-be03b0e\" data-id=\"be03b0e\" data-element_type=\"column\">\n\t\t\t<div class=\"elementor-widget-wrap elementor-element-populated\">\n\t\t\t\t\t\t\t<\/div>\n\t\t<\/div>\n\t\t\t\t\t<\/div>\n\t\t<\/section>\n\t\t\n        \t\t<section class=\"elementor-section elementor-top-section elementor-element elementor-element-ceae2f8 elementor-section-boxed elementor-section-height-default elementor-section-height-default\" data-id=\"ceae2f8\" data-element_type=\"section\">\n\t\t\t\t\t\t<div class=\"elementor-container elementor-column-gap-default\">\n\t\t\t\t\t<div class=\"elementor-column elementor-col-50 elementor-top-column elementor-element elementor-element-ad3dc9a\" data-id=\"ad3dc9a\" data-element_type=\"column\">\n\t\t\t<div class=\"elementor-widget-wrap elementor-element-populated\">\n\t\t\t\t\t\t<div class=\"elementor-element elementor-element-21715a8 elementor-widget__width-initial elementor-widget elementor-widget-elementskit-blog-posts\" data-id=\"21715a8\" data-element_type=\"widget\" data-widget_type=\"elementskit-blog-posts.default\">\n\t\t\t\t<div class=\"elementor-widget-container\">\n\t\t\t<div class=\"ekit-wid-con\" >        <div id=\"post-items--21715a8\" class=\"row post-items\">\n                    <div class=\"col-lg-12 col-md-12\">\n\n                                    <div class=\"elementskit-post-image-card\">\n                        <div class=\"elementskit-entry-header\">\n                                                            <a href=\"https:\/\/seninterim.sn\/index.php\/2023\/03\/27\/la-sen-interim-accompagne-ses-partenaires-en-ce-mois-beni-de-ramadan\/\" class=\"elementskit-entry-thumb\">\n                                    <img decoding=\"async\" src=\"https:\/\/seninterim.sn\/wp-content\/uploads\/2023\/03\/IMG_0366-878x310.jpg\" alt=\"La Sen Int\u00e9rim accompagne ses partenaires en ce mois b\u00e9ni de Ramadan\">\n                                <\/a><!-- .elementskit-entry-thumb END -->\n                                                                                                    <div class=\"elementskit-meta-lists elementskit-style-tag\">\n                                        <div class=\"elementskit-single-meta triangle_left\"><span class=\"elementskit-meta-wraper\"><strong>27<\/strong>Mar<\/span><\/div>\n                                    <\/div>\n                                                                                            \n                                                            <div class=\"elementskit-meta-categories\">\n                                    <span class=\"elementskit-meta-wraper\">\n                                        <span><a href=\"https:\/\/seninterim.sn\/index.php\/category\/evenement\/\" rel=\"category tag\">Ev\u00e9nement<\/a><\/span>\n                                    <\/span>\n                                <\/div>\n                            \n\t\t\t\t\t\t\t\t\t\t\t\t\t<\/div><!-- .elementskit-entry-header END -->\n\n\t\t\t\t\t\t<div class=\"elementskit-post-body \">\n\t\t\t\t\t\t\t\n\t\t\t\t\t\t\t\t\t\t\t\t\t\t\t\t\t\t\t\t\t\t\t\t\t\t\t\t\t\t\n\t\t\t\t\t\t\t\t\n\t\t\t\t\t\t\t\t\t\t\t\t\t\t\t\t\t\t\t\t\t<h2 class=\"entry-title\">\n\t\t\t\t\t<a href=\"https:\/\/seninterim.sn\/index.php\/2023\/03\/27\/la-sen-interim-accompagne-ses-partenaires-en-ce-mois-beni-de-ramadan\/\">\n\t\t\t\t\t\tLa Sen Int\u00e9rim accompagne ses partenaires en ce mois b\u00e9ni de Ramadan\t\t\t\t\t<\/a>\n\t\t\t\t<\/h2>\n\t\t\t\t\t\t\t\t\t\t\t\t\t\t\t\t\t\t\t\t\t\t\t\t\t\t\t\t\t\t\t\t\t\t\t\t\t\t\t\t\t\t<p>A l\u2019occasion du mois b\u00e9ni de Ramadan nous avons offert \u00e0 tous nos clients des paniers de Ramadan, pour ainsi marquer notre accompagnement \u00e0 nos valeureux partenaires en leurs souhaitant un RAMADAN MOUBARAK.<\/p>\n\t\t\t\t\t\t\t\t\t\t\t\t\t\t\t\t\t\t\t\t\t\t                                                            <div class=\"btn-wraper\">\n                                    \n                                                                            <a href=\"https:\/\/seninterim.sn\/index.php\/2023\/03\/27\/la-sen-interim-accompagne-ses-partenaires-en-ce-mois-beni-de-ramadan\/\" class=\"elementskit-btn  whitespace--normal\" >\n                                                                                    Lire plus                                        <\/a>\n                                                                    <\/div>\n                                                    <\/div><!-- .elementskit-post-body END -->\n                    <\/div>\n                \n            <\/div>\n                <\/div>\n       <\/div>\t\t<\/div>\n\t\t\t\t<\/div>\n\t\t\t\t\t<\/div>\n\t\t<\/div>\n\t\t\t\t<div class=\"elementor-column elementor-col-50 elementor-top-column elementor-element elementor-element-4ab6558\" data-id=\"4ab6558\" data-element_type=\"column\">\n\t\t\t<div class=\"elementor-widget-wrap elementor-element-populated\">\n\t\t\t\t\t\t<div class=\"elementor-element elementor-element-8c38c3c elementor-widget__width-initial elementor-widget elementor-widget-elementskit-blog-posts\" data-id=\"8c38c3c\" data-element_type=\"widget\" data-widget_type=\"elementskit-blog-posts.default\">\n\t\t\t\t<div class=\"elementor-widget-container\">\n\t\t\t<div class=\"ekit-wid-con\" >        <div id=\"post-items--8c38c3c\" class=\"row post-items\">\n                    <div class=\"col-lg-12 col-md-12\">\n\n                                    <div class=\"elementskit-post-image-card\">\n                        <div class=\"elementskit-entry-header\">\n                                                            <a href=\"https:\/\/seninterim.sn\/index.php\/2023\/03\/10\/8-mars-2023-la-sen-interim-honore-ses-amazones\/\" class=\"elementskit-entry-thumb\">\n                                    <img decoding=\"async\" src=\"https:\/\/seninterim.sn\/wp-content\/uploads\/2023\/03\/IMG_0304-1-770x265.jpg\" alt=\"8 mars 2023, la Sen Int\u00e9rim honore ses amazones\">\n                                <\/a><!-- .elementskit-entry-thumb END -->\n                                                                                                    <div class=\"elementskit-meta-lists elementskit-style-tag\">\n                                        <div class=\"elementskit-single-meta triangle_left\"><span class=\"elementskit-meta-wraper\"><strong>10<\/strong>Mar<\/span><\/div>\n                                    <\/div>\n                                                                                            \n                                                            <div class=\"elementskit-meta-categories\">\n                                    <span class=\"elementskit-meta-wraper\">\n                                        <span><a href=\"https:\/\/seninterim.sn\/index.php\/category\/evenement\/\" rel=\"category tag\">Ev\u00e9nement<\/a><\/span>\n                                    <\/span>\n                                <\/div>\n                            \n\t\t\t\t\t\t\t\t\t\t\t\t\t<\/div><!-- .elementskit-entry-header END -->\n\n\t\t\t\t\t\t<div class=\"elementskit-post-body \">\n\t\t\t\t\t\t\t\n\t\t\t\t\t\t\t\t\t\t\t\t\t\t\t\t\t\t\t\t\t\t\t\t\t\t\t\t\t\t\n\t\t\t\t\t\t\t\t\n\t\t\t\t\t\t\t\t\t\t\t\t\t\t\t\t\t\t\t\t\t<h2 class=\"entry-title\">\n\t\t\t\t\t<a href=\"https:\/\/seninterim.sn\/index.php\/2023\/03\/10\/8-mars-2023-la-sen-interim-honore-ses-amazones\/\">\n\t\t\t\t\t\t8 mars 2023, la Sen Int\u00e9rim honore ses\u2026\t\t\t\t\t<\/a>\n\t\t\t\t<\/h2>\n\t\t\t\t\t\t\t\t\t\t\t\t\t\t\t\t\t\t\t\t\t\t\t\t\t\t\t\t\t\t\t\t\t\t\t\t\t\t\t\t\t\t<p>En cette journ\u00e9e internationale de la femme , la SENINTERIM a \u00a0organis\u00e9 une grande f\u00eate pour honorer ses\u2026<\/p>\n\t\t\t\t\t\t\t\t\t\t\t\t\t\t\t\t\t\t\t\t\t\t                                                            <div class=\"btn-wraper\">\n                                    \n                                                                            <a href=\"https:\/\/seninterim.sn\/index.php\/2023\/03\/10\/8-mars-2023-la-sen-interim-honore-ses-amazones\/\" class=\"elementskit-btn  whitespace--normal\" >\n                                                                                    Lire plus                                        <\/a>\n                                                                    <\/div>\n                                                    <\/div><!-- .elementskit-post-body END -->\n                    <\/div>\n                \n            <\/div>\n                <\/div>\n       <\/div>\t\t<\/div>\n\t\t\t\t<\/div>\n\t\t\t\t\t<\/div>\n\t\t<\/div>\n\t\t\t\t\t<\/div>\n\t\t<\/section>\n\t\t\n        \t\t<section class=\"elementor-section elementor-top-section elementor-element elementor-element-5cf44e2 elementor-section-boxed elementor-section-height-default elementor-section-height-default\" data-id=\"5cf44e2\" data-element_type=\"section\">\n\t\t\t\t\t\t<div class=\"elementor-container elementor-column-gap-default\">\n\t\t\t\t\t<div class=\"elementor-column elementor-col-100 elementor-top-column elementor-element elementor-element-cb9b36e\" data-id=\"cb9b36e\" data-element_type=\"column\">\n\t\t\t<div class=\"elementor-widget-wrap elementor-element-populated\">\n\t\t\t\t\t\t\t<\/div>\n\t\t<\/div>\n\t\t\t\t\t<\/div>\n\t\t<\/section>\n\t\t\n        \t\t<section class=\"elementor-section elementor-top-section elementor-element elementor-element-0f30179 elementor-section-boxed elementor-section-height-default elementor-section-height-default\" data-id=\"0f30179\" data-element_type=\"section\">\n\t\t\t\t\t\t<div class=\"elementor-container elementor-column-gap-default\">\n\t\t\t\t\t<div class=\"elementor-column elementor-col-100 elementor-top-column elementor-element elementor-element-adb7cfc\" data-id=\"adb7cfc\" data-element_type=\"column\">\n\t\t\t<div class=\"elementor-widget-wrap elementor-element-populated\">\n\t\t\t\t\t\t<div class=\"elementor-element elementor-element-5685bbe elementor-widget__width-initial elementor-widget elementor-widget-elementskit-blog-posts\" data-id=\"5685bbe\" data-element_type=\"widget\" data-widget_type=\"elementskit-blog-posts.default\">\n\t\t\t\t<div class=\"elementor-widget-container\">\n\t\t\t<div class=\"ekit-wid-con\" >        <div id=\"post-items--5685bbe\" class=\"row post-items\">\n                    <div class=\"col-lg-12 col-md-12\">\n\n                                    <div class=\"elementskit-post-image-card\">\n                        <div class=\"elementskit-entry-header\">\n                                                            <a href=\"https:\/\/seninterim.sn\/index.php\/2023\/03\/09\/formation-du-personnel-en-sst-sauveteur-secouriste-du-travail\/\" class=\"elementskit-entry-thumb\">\n                                    <img decoding=\"async\" src=\"https:\/\/seninterim.sn\/wp-content\/uploads\/2023\/03\/20220913_122504-878x310.jpg\" alt=\"<strong>FORMATION DU PERSONNEL EN SST (Sauveteur, Secouriste du Travail)<\/strong>\">\n                                <\/a><!-- .elementskit-entry-thumb END -->\n                                                                                                    <div class=\"elementskit-meta-lists elementskit-style-tag\">\n                                        <div class=\"elementskit-single-meta triangle_left\"><span class=\"elementskit-meta-wraper\"><strong>09<\/strong>Mar<\/span><\/div>\n                                    <\/div>\n                                                                                            \n                                                            <div class=\"elementskit-meta-categories\">\n                                    <span class=\"elementskit-meta-wraper\">\n                                        <span><a href=\"https:\/\/seninterim.sn\/index.php\/category\/formation\/\" rel=\"category tag\">Formation<\/a><\/span>\n                                    <\/span>\n                                <\/div>\n                            \n\t\t\t\t\t\t\t\t\t\t\t\t\t<\/div><!-- .elementskit-entry-header END -->\n\n\t\t\t\t\t\t<div class=\"elementskit-post-body \">\n\t\t\t\t\t\t\t\n\t\t\t\t\t\t\t\t\t\t\t\t\t\t\t\t\t\t\t\t\t\t\t\t\t\t\t\t\t\t\n\t\t\t\t\t\t\t\t\n\t\t\t\t\t\t\t\t\t\t\t\t\t\t\t\t\t\t\t\t\t<h2 class=\"entry-title\">\n\t\t\t\t\t<a href=\"https:\/\/seninterim.sn\/index.php\/2023\/03\/09\/formation-du-personnel-en-sst-sauveteur-secouriste-du-travail\/\">\n\t\t\t\t\t\tFORMATION DU PERSONNEL EN SST (Sauveteur, Secouriste du Travail)\t\t\t\t\t<\/a>\n\t\t\t\t<\/h2>\n\t\t\t\t\t\t\t\t\t\t\t\t\t\t\t\t\t\t\t\t\t\t\t\t\t\t\t\t\t\t\t\t\t\t\t\t\t\t\t\t\t\t<p>Pour une meilleure prise en charge des risques professionnels, nous dispensons une formation en SST (Sauveteur, Secouriste du Travail) au personnel que nous avons mis \u00e0 la disposition de nos partenaires. Cette ann\u00e9e, la formation s\u2019est d\u00e9roul\u00e9e dans nos locaux du 12 au 13\u2026<\/p>\n\t\t\t\t\t\t\t\t\t\t\t\t\t\t\t\t\t\t\t\t\t\t                                                            <div class=\"btn-wraper\">\n                                    \n                                                                            <a href=\"https:\/\/seninterim.sn\/index.php\/2023\/03\/09\/formation-du-personnel-en-sst-sauveteur-secouriste-du-travail\/\" class=\"elementskit-btn  whitespace--normal\" >\n                                                                                    Lire plus                                        <\/a>\n                                                                    <\/div>\n                                                    <\/div><!-- .elementskit-post-body END -->\n                    <\/div>\n                \n            <\/div>\n                <\/div>\n       <\/div>\t\t<\/div>\n\t\t\t\t<\/div>\n\t\t\t\t\t<\/div>\n\t\t<\/div>\n\t\t\t\t\t<\/div>\n\t\t<\/section>\n\t\t\n        \t\t<section class=\"elementor-section elementor-top-section elementor-element elementor-element-6ca027b elementor-section-boxed elementor-section-height-default elementor-section-height-default\" data-id=\"6ca027b\" data-element_type=\"section\">\n\t\t\t\t\t\t<div class=\"elementor-container elementor-column-gap-default\">\n\t\t\t\t\t<div class=\"elementor-column elementor-col-100 elementor-top-column elementor-element elementor-element-21d4e4f\" data-id=\"21d4e4f\" data-element_type=\"column\">\n\t\t\t<div class=\"elementor-widget-wrap elementor-element-populated\">\n\t\t\t\t\t\t<div class=\"elementor-element elementor-element-34826f7 elementor-widget elementor-widget-spacer\" data-id=\"34826f7\" data-element_type=\"widget\" data-widget_type=\"spacer.default\">\n\t\t\t\t<div class=\"elementor-widget-container\">\n\t\t\t<style>\/*! elementor - v3.19.0 - 07-02-2024 *\/\n.elementor-column .elementor-spacer-inner{height:var(--spacer-size)}.e-con{--container-widget-width:100%}.e-con-inner>.elementor-widget-spacer,.e-con>.elementor-widget-spacer{width:var(--container-widget-width,var(--spacer-size));--align-self:var(--container-widget-align-self,initial);--flex-shrink:0}.e-con-inner>.elementor-widget-spacer>.elementor-widget-container,.e-con>.elementor-widget-spacer>.elementor-widget-container{height:100%;width:100%}.e-con-inner>.elementor-widget-spacer>.elementor-widget-container>.elementor-spacer,.e-con>.elementor-widget-spacer>.elementor-widget-container>.elementor-spacer{height:100%}.e-con-inner>.elementor-widget-spacer>.elementor-widget-container>.elementor-spacer>.elementor-spacer-inner,.e-con>.elementor-widget-spacer>.elementor-widget-container>.elementor-spacer>.elementor-spacer-inner{height:var(--container-widget-height,var(--spacer-size))}.e-con-inner>.elementor-widget-spacer.elementor-widget-empty,.e-con>.elementor-widget-spacer.elementor-widget-empty{position:relative;min-height:22px;min-width:22px}.e-con-inner>.elementor-widget-spacer.elementor-widget-empty .elementor-widget-empty-icon,.e-con>.elementor-widget-spacer.elementor-widget-empty .elementor-widget-empty-icon{position:absolute;top:0;bottom:0;left:0;right:0;margin:auto;padding:0;width:22px;height:22px}<\/style>\t\t<div class=\"elementor-spacer\">\n\t\t\t<div class=\"elementor-spacer-inner\"><\/div>\n\t\t<\/div>\n\t\t\t\t<\/div>\n\t\t\t\t<\/div>\n\t\t\t\t\t<\/div>\n\t\t<\/div>\n\t\t\t\t\t<\/div>\n\t\t<\/section>\n\t\t\n        \t\t<\/div>\n\t\t\n    <div class=\"xs_social_share_widget xs_share_url after_content \t\tmain_content  wslu-style-1 wslu-share-box-shaped wslu-fill-colored wslu-none wslu-share-horizontal wslu-theme-font-no wslu-main_content\">\n\n\t\t\n        <ul>\n\t\t\t        <\/ul>\n    <\/div> \n","protected":false},"excerpt":{"rendered":"<p>Actualit\u00e9s Restez \u00e0 jour avec nos derni\u00e8res annonces 11Oct Ev\u00e9nement La SEN INTERIM au Salon International des Mines (SIM) 2023 La SEN INTERIM a particip\u00e9 en tant qu\u2019exposant \u00e0 la 7\u00e8me \u00e9dition du Salon International des Mines (SIM) S\u00e9n\u00e9gal au Centre international de conf\u00e9rences Abdou Diouf (CICAD) \u00e0 Dakar du 3 au 5 octobre 2023. [&hellip;]<\/p>\n","protected":false},"author":1,"featured_media":0,"parent":0,"menu_order":0,"comment_status":"closed","ping_status":"closed","template":"","meta":{"footnotes":""},"class_list":["post-5250","page","type-page","status-publish","hentry"],"yoast_head":"<!-- This site is optimized with the Yoast SEO plugin v22.0 - https:\/\/yoast.com\/wordpress\/plugins\/seo\/ -->\n<title>Actualit\u00e9s - Sen Interim<\/title>\n<meta name=\"robots\" content=\"index, follow, max-snippet:-1, max-image-preview:large, max-video-preview:-1\" \/>\n<link rel=\"canonical\" href=\"https:\/\/seninterim.sn\/index.php\/actualites\/\" \/>\n<meta property=\"og:locale\" content=\"fr_FR\" \/>\n<meta property=\"og:type\" content=\"article\" \/>\n<meta property=\"og:title\" content=\"Actualit\u00e9s - Sen Interim\" \/>\n<meta property=\"og:description\" content=\"Actualit\u00e9s Restez \u00e0 jour avec nos derni\u00e8res annonces 11Oct Ev\u00e9nement La SEN INTERIM au Salon International des Mines (SIM) 2023 La SEN INTERIM a particip\u00e9 en tant qu\u2019exposant \u00e0 la 7\u00e8me \u00e9dition du Salon International des Mines (SIM) S\u00e9n\u00e9gal au Centre international de conf\u00e9rences Abdou Diouf (CICAD) \u00e0 Dakar du 3 au 5 octobre 2023. [&hellip;]\" \/>\n<meta property=\"og:url\" content=\"https:\/\/seninterim.sn\/index.php\/actualites\/\" \/>\n<meta property=\"og:site_name\" content=\"Sen Interim\" \/>\n<meta property=\"article:publisher\" content=\"https:\/\/www.facebook.com\/Senegalinterimaire\" \/>\n<meta property=\"article:modified_time\" content=\"2023-10-11T16:00:11+00:00\" \/>\n<meta property=\"og:image\" content=\"https:\/\/seninterim.sn\/wp-content\/uploads\/2023\/10\/IMG-20231010-WA0007-878x310.jpg\" \/>\n<meta name=\"twitter:card\" content=\"summary_large_image\" \/>\n<meta name=\"twitter:site\" content=\"@sen_interim\" \/>\n<meta name=\"twitter:label1\" content=\"Dur\u00e9e de lecture estim\u00e9e\" \/>\n\t<meta name=\"twitter:data1\" content=\"5 minutes\" \/>\n<script type=\"application\/ld+json\" class=\"yoast-schema-graph\">{\"@context\":\"https:\/\/schema.org\",\"@graph\":[{\"@type\":\"WebPage\",\"@id\":\"https:\/\/seninterim.sn\/index.php\/actualites\/\",\"url\":\"https:\/\/seninterim.sn\/index.php\/actualites\/\",\"name\":\"Actualit\u00e9s - Sen Interim\",\"isPartOf\":{\"@id\":\"https:\/\/seninterim.sn\/#website\"},\"datePublished\":\"2023-03-10T11:34:39+00:00\",\"dateModified\":\"2023-10-11T16:00:11+00:00\",\"breadcrumb\":{\"@id\":\"https:\/\/seninterim.sn\/index.php\/actualites\/#breadcrumb\"},\"inLanguage\":\"fr-FR\",\"potentialAction\":[{\"@type\":\"ReadAction\",\"target\":[\"https:\/\/seninterim.sn\/index.php\/actualites\/\"]}]},{\"@type\":\"BreadcrumbList\",\"@id\":\"https:\/\/seninterim.sn\/index.php\/actualites\/#breadcrumb\",\"itemListElement\":[{\"@type\":\"ListItem\",\"position\":1,\"name\":\"Home\",\"item\":\"https:\/\/seninterim.sn\/\"},{\"@type\":\"ListItem\",\"position\":2,\"name\":\"Actualit\u00e9s\"}]},{\"@type\":\"WebSite\",\"@id\":\"https:\/\/seninterim.sn\/#website\",\"url\":\"https:\/\/seninterim.sn\/\",\"name\":\"Sen Interim\",\"description\":\"Recruter est un plaisir\",\"publisher\":{\"@id\":\"https:\/\/seninterim.sn\/#organization\"},\"potentialAction\":[{\"@type\":\"SearchAction\",\"target\":{\"@type\":\"EntryPoint\",\"urlTemplate\":\"https:\/\/seninterim.sn\/?s={search_term_string}\"},\"query-input\":\"required name=search_term_string\"}],\"inLanguage\":\"fr-FR\"},{\"@type\":\"Organization\",\"@id\":\"https:\/\/seninterim.sn\/#organization\",\"name\":\"Sen Interim\",\"url\":\"https:\/\/seninterim.sn\/\",\"logo\":{\"@type\":\"ImageObject\",\"inLanguage\":\"fr-FR\",\"@id\":\"https:\/\/seninterim.sn\/#\/schema\/logo\/image\/\",\"url\":\"https:\/\/seninterim.sn\/wp-content\/uploads\/2022\/07\/cropped-cropped-telechargement-removebg-preview.png\",\"contentUrl\":\"https:\/\/seninterim.sn\/wp-content\/uploads\/2022\/07\/cropped-cropped-telechargement-removebg-preview.png\",\"width\":100,\"height\":100,\"caption\":\"Sen Interim\"},\"image\":{\"@id\":\"https:\/\/seninterim.sn\/#\/schema\/logo\/image\/\"},\"sameAs\":[\"https:\/\/www.facebook.com\/Senegalinterimaire\",\"https:\/\/twitter.com\/sen_interim\"]}]}<\/script>\n<!-- \/ Yoast SEO plugin. -->","yoast_head_json":{"title":"Actualit\u00e9s - Sen Interim","robots":{"index":"index","follow":"follow","max-snippet":"max-snippet:-1","max-image-preview":"max-image-preview:large","max-video-preview":"max-video-preview:-1"},"canonical":"https:\/\/seninterim.sn\/index.php\/actualites\/","og_locale":"fr_FR","og_type":"article","og_title":"Actualit\u00e9s - Sen Interim","og_description":"Actualit\u00e9s Restez \u00e0 jour avec nos derni\u00e8res annonces 11Oct Ev\u00e9nement La SEN INTERIM au Salon International des Mines (SIM) 2023 La SEN INTERIM a particip\u00e9 en tant qu\u2019exposant \u00e0 la 7\u00e8me \u00e9dition du Salon International des Mines (SIM) S\u00e9n\u00e9gal au Centre international de conf\u00e9rences Abdou Diouf (CICAD) \u00e0 Dakar du 3 au 5 octobre 2023. [&hellip;]","og_url":"https:\/\/seninterim.sn\/index.php\/actualites\/","og_site_name":"Sen Interim","article_publisher":"https:\/\/www.facebook.com\/Senegalinterimaire","article_modified_time":"2023-10-11T16:00:11+00:00","og_image":[{"url":"https:\/\/seninterim.sn\/wp-content\/uploads\/2023\/10\/IMG-20231010-WA0007-878x310.jpg"}],"twitter_card":"summary_large_image","twitter_site":"@sen_interim","twitter_misc":{"Dur\u00e9e de lecture estim\u00e9e":"5 minutes"},"schema":{"@context":"https:\/\/schema.org","@graph":[{"@type":"WebPage","@id":"https:\/\/seninterim.sn\/index.php\/actualites\/","url":"https:\/\/seninterim.sn\/index.php\/actualites\/","name":"Actualit\u00e9s - Sen Interim","isPartOf":{"@id":"https:\/\/seninterim.sn\/#website"},"datePublished":"2023-03-10T11:34:39+00:00","dateModified":"2023-10-11T16:00:11+00:00","breadcrumb":{"@id":"https:\/\/seninterim.sn\/index.php\/actualites\/#breadcrumb"},"inLanguage":"fr-FR","potentialAction":[{"@type":"ReadAction","target":["https:\/\/seninterim.sn\/index.php\/actualites\/"]}]},{"@type":"BreadcrumbList","@id":"https:\/\/seninterim.sn\/index.php\/actualites\/#breadcrumb","itemListElement":[{"@type":"ListItem","position":1,"name":"Home","item":"https:\/\/seninterim.sn\/"},{"@type":"ListItem","position":2,"name":"Actualit\u00e9s"}]},{"@type":"WebSite","@id":"https:\/\/seninterim.sn\/#website","url":"https:\/\/seninterim.sn\/","name":"Sen Interim","description":"Recruter est un plaisir","publisher":{"@id":"https:\/\/seninterim.sn\/#organization"},"potentialAction":[{"@type":"SearchAction","target":{"@type":"EntryPoint","urlTemplate":"https:\/\/seninterim.sn\/?s={search_term_string}"},"query-input":"required name=search_term_string"}],"inLanguage":"fr-FR"},{"@type":"Organization","@id":"https:\/\/seninterim.sn\/#organization","name":"Sen Interim","url":"https:\/\/seninterim.sn\/","logo":{"@type":"ImageObject","inLanguage":"fr-FR","@id":"https:\/\/seninterim.sn\/#\/schema\/logo\/image\/","url":"https:\/\/seninterim.sn\/wp-content\/uploads\/2022\/07\/cropped-cropped-telechargement-removebg-preview.png","contentUrl":"https:\/\/seninterim.sn\/wp-content\/uploads\/2022\/07\/cropped-cropped-telechargement-removebg-preview.png","width":100,"height":100,"caption":"Sen Interim"},"image":{"@id":"https:\/\/seninterim.sn\/#\/schema\/logo\/image\/"},"sameAs":["https:\/\/www.facebook.com\/Senegalinterimaire","https:\/\/twitter.com\/sen_interim"]}]}},"_links":{"self":[{"href":"https:\/\/seninterim.sn\/index.php\/wp-json\/wp\/v2\/pages\/5250","targetHints":{"allow":["GET"]}}],"collection":[{"href":"https:\/\/seninterim.sn\/index.php\/wp-json\/wp\/v2\/pages"}],"about":[{"href":"https:\/\/seninterim.sn\/index.php\/wp-json\/wp\/v2\/types\/page"}],"author":[{"embeddable":true,"href":"https:\/\/seninterim.sn\/index.php\/wp-json\/wp\/v2\/users\/1"}],"replies":[{"embeddable":true,"href":"https:\/\/seninterim.sn\/index.php\/wp-json\/wp\/v2\/comments?post=5250"}],"version-history":[{"count":31,"href":"https:\/\/seninterim.sn\/index.php\/wp-json\/wp\/v2\/pages\/5250\/revisions"}],"predecessor-version":[{"id":5607,"href":"https:\/\/seninterim.sn\/index.php\/wp-json\/wp\/v2\/pages\/5250\/revisions\/5607"}],"wp:attachment":[{"href":"https:\/\/seninterim.sn\/index.php\/wp-json\/wp\/v2\/media?parent=5250"}],"curies":[{"name":"wp","href":"https:\/\/api.w.org\/{rel}","templated":true}]}}