{"id":19797,"date":"2025-08-11T11:50:45","date_gmt":"2025-08-11T09:50:45","guid":{"rendered":"https:\/\/seninterim.sn\/?post_type=job_listing&#038;p=19797"},"modified":"2025-09-15T00:01:49","modified_gmt":"2025-09-14T22:01:49","slug":"responsable-marketing-et-commercial","status":"expired","type":"job_listing","link":"https:\/\/seninterim.sn\/?post_type=job_listing&p=19797","title":{"rendered":"Responsable marketing et commercial"},"content":{"rendered":"<p><span style=\"font-family: tahoma, sans-serif\">Nous recrutons un responsable marketing et commercial :<\/span><\/p>\n<ul type=\"disc\">\n<li><span style=\"font-family: tahoma, sans-serif\">Exp\u00e9rience : minimum 10 ans dans le domaine du marketing et du commerce<\/span><\/li>\n<li><span style=\"font-family: tahoma, sans-serif\">Profil recherch\u00e9 :<\/span>\n<ul type=\"circle\">\n<li><span style=\"font-family: tahoma, sans-serif\">Exp\u00e9rience confirm\u00e9e en gestion marketing et d\u00e9veloppement commercial<\/span><\/li>\n<li><span style=\"font-family: tahoma, sans-serif\">Comp\u00e9tences en strat\u00e9gie marketing, gestion de leads, n\u00e9gociation et encadrement d&rsquo;\u00e9quipe<\/span><\/li>\n<li><span style=\"font-family: tahoma, sans-serif\">Bonne connaissance du secteur agroalimentaire\/\u00e9levage ou exp\u00e9rience en \u00e9closerie souhait\u00e9e<\/span><\/li>\n<li><span style=\"font-family: tahoma, sans-serif\">Capacit\u00e9 \u00e0 travailler de fa\u00e7on autonome et \u00e0 piloter des projets<\/span><\/li>\n<\/ul>\n<\/li>\n<li><span style=\"font-family: tahoma, sans-serif\">Qualit\u00e9s souhait\u00e9es :<\/span>\n<ul type=\"circle\">\n<li><span style=\"font-family: tahoma, sans-serif\">Leadership, orientation r\u00e9sultats, excellent relationnel, esprit d&rsquo;\u00e9quipe<\/span><\/li>\n<\/ul>\n<\/li>\n<li><span style=\"font-family: tahoma, sans-serif\">Avantages : [\u00e0 pr\u00e9ciser\u00a0: mutuelle, formation, avantages sociaux, etc.]<\/span><\/li>\n<li><span style=\"font-family: tahoma, sans-serif\">Candidature : envoyer CV et lettre de motivation \u00e0 [adresse e-mail] avant le [date]<\/span><\/li>\n<li><span style=\"font-family: tahoma, sans-serif\">Informations suppl\u00e9mentaires : les candidatures f\u00e9minines seront particuli\u00e8rement appr\u00e9ci\u00e9es afin de renforcer la diversit\u00e9 de l&rsquo;\u00e9quipe.<\/span><\/li>\n<\/ul>\n<p><span style=\"font-family: tahoma, sans-serif\">Faites-nous parvenir votre CV \u00e0 l\u2019adresse : <a href=\"mailto:recrutement@seninterim.sn\" target=\"_blank\" rel=\"noopener\">recrutement@seninterim.sn<\/a> avec la mention du poste sollicit\u00e9.<\/span><\/p>\n<div>\n<div id=\"m_6019333843464026902gmail-:11m\" role=\"textbox\" aria-label=\"Corps du message\" aria-controls=\":140\" aria-expanded=\"false\">\n<p><b><span style=\"font-family: tahoma, sans-serif\">\u00a0<\/span><\/b><\/p>\n<\/div>\n<\/div>\n\n    <div class=\"xs_social_share_widget xs_share_url after_content \t\tmain_content  wslu-style-1 wslu-share-box-shaped wslu-fill-colored wslu-none wslu-share-horizontal wslu-theme-font-no wslu-main_content\">\n\n\t\t\n        <ul>\n\t\t\t        <\/ul>\n    <\/div> \n","protected":false},"author":1,"featured_media":0,"template":"","meta":{"_promoted":"","_job_location":"","_company_name":"","_company_website":"","_company_video":"","_company_tagline":"","_company_twitter":"","_application":"recrutement@seninterim.sn","_filled":0,"_featured":1,"_remote_position":0,"_job_salary":"","_job_salary_currency":"","_job_salary_unit":""},"job-categories":[],"job-types":[],"class_list":{"0":"post-19797","1":"job_listing","2":"type-job_listing","3":"status-expired","4":"hentry","5":"job-urgent","7":"job_position_featured"},"yoast_head":"<!-- This site is optimized with the Yoast SEO plugin v22.0 - https:\/\/yoast.com\/wordpress\/plugins\/seo\/ -->\n<title>Responsable marketing et commercial - Sen Interim<\/title>\n<meta name=\"robots\" content=\"index, follow, max-snippet:-1, max-image-preview:large, max-video-preview:-1\" \/>\n<link rel=\"canonical\" href=\"https:\/\/seninterim.sn\/?post_type=job_listing&p=19797\" \/>\n<meta property=\"og:locale\" content=\"fr_FR\" \/>\n<meta property=\"og:type\" content=\"article\" \/>\n<meta property=\"og:title\" content=\"Responsable marketing et commercial - Sen Interim\" \/>\n<meta property=\"og:description\" content=\"Nous recrutons un responsable marketing et commercial : Exp\u00e9rience : minimum 10 ans dans le domaine du marketing et du commerce Profil recherch\u00e9 : Exp\u00e9rience confirm\u00e9e en gestion marketing et d\u00e9veloppement commercial Comp\u00e9tences en strat\u00e9gie marketing, gestion de leads, n\u00e9gociation et encadrement d&rsquo;\u00e9quipe Bonne connaissance du secteur agroalimentaire\/\u00e9levage ou exp\u00e9rience en \u00e9closerie souhait\u00e9e Capacit\u00e9 \u00e0 [&hellip;]\" \/>\n<meta property=\"og:url\" content=\"https:\/\/seninterim.sn\/?post_type=job_listing&amp;p=19797\" \/>\n<meta property=\"og:site_name\" content=\"Sen Interim\" \/>\n<meta property=\"article:publisher\" content=\"https:\/\/www.facebook.com\/Senegalinterimaire\" \/>\n<meta property=\"article:modified_time\" content=\"2025-09-14T22:01:49+00:00\" \/>\n<meta name=\"twitter:card\" content=\"summary_large_image\" \/>\n<meta name=\"twitter:site\" content=\"@sen_interim\" \/>\n<meta name=\"twitter:label1\" content=\"Dur\u00e9e de lecture estim\u00e9e\" \/>\n\t<meta name=\"twitter:data1\" content=\"1 minute\" \/>\n<script type=\"application\/ld+json\" class=\"yoast-schema-graph\">{\"@context\":\"https:\/\/schema.org\",\"@graph\":[{\"@type\":\"WebPage\",\"@id\":\"https:\/\/seninterim.sn\/?post_type=job_listing&p=19797\",\"url\":\"https:\/\/seninterim.sn\/?post_type=job_listing&p=19797\",\"name\":\"Responsable marketing et commercial - Sen Interim\",\"isPartOf\":{\"@id\":\"https:\/\/seninterim.sn\/#website\"},\"datePublished\":\"2025-08-11T09:50:45+00:00\",\"dateModified\":\"2025-09-14T22:01:49+00:00\",\"breadcrumb\":{\"@id\":\"https:\/\/seninterim.sn\/?post_type=job_listing&p=19797#breadcrumb\"},\"inLanguage\":\"fr-FR\",\"potentialAction\":[{\"@type\":\"ReadAction\",\"target\":[\"https:\/\/seninterim.sn\/?post_type=job_listing&p=19797\"]}]},{\"@type\":\"BreadcrumbList\",\"@id\":\"https:\/\/seninterim.sn\/?post_type=job_listing&p=19797#breadcrumb\",\"itemListElement\":[{\"@type\":\"ListItem\",\"position\":1,\"name\":\"Home\",\"item\":\"https:\/\/seninterim.sn\/\"},{\"@type\":\"ListItem\",\"position\":2,\"name\":\"Responsable marketing et commercial\"}]},{\"@type\":\"WebSite\",\"@id\":\"https:\/\/seninterim.sn\/#website\",\"url\":\"https:\/\/seninterim.sn\/\",\"name\":\"Sen Interim\",\"description\":\"Recruter est un plaisir\",\"publisher\":{\"@id\":\"https:\/\/seninterim.sn\/#organization\"},\"potentialAction\":[{\"@type\":\"SearchAction\",\"target\":{\"@type\":\"EntryPoint\",\"urlTemplate\":\"https:\/\/seninterim.sn\/?s={search_term_string}\"},\"query-input\":\"required name=search_term_string\"}],\"inLanguage\":\"fr-FR\"},{\"@type\":\"Organization\",\"@id\":\"https:\/\/seninterim.sn\/#organization\",\"name\":\"Sen Interim\",\"url\":\"https:\/\/seninterim.sn\/\",\"logo\":{\"@type\":\"ImageObject\",\"inLanguage\":\"fr-FR\",\"@id\":\"https:\/\/seninterim.sn\/#\/schema\/logo\/image\/\",\"url\":\"https:\/\/seninterim.sn\/wp-content\/uploads\/2022\/07\/cropped-cropped-telechargement-removebg-preview.png\",\"contentUrl\":\"https:\/\/seninterim.sn\/wp-content\/uploads\/2022\/07\/cropped-cropped-telechargement-removebg-preview.png\",\"width\":100,\"height\":100,\"caption\":\"Sen Interim\"},\"image\":{\"@id\":\"https:\/\/seninterim.sn\/#\/schema\/logo\/image\/\"},\"sameAs\":[\"https:\/\/www.facebook.com\/Senegalinterimaire\",\"https:\/\/twitter.com\/sen_interim\"]}]}<\/script>\n<!-- \/ Yoast SEO plugin. -->","yoast_head_json":{"title":"Responsable marketing et commercial - Sen Interim","robots":{"index":"index","follow":"follow","max-snippet":"max-snippet:-1","max-image-preview":"max-image-preview:large","max-video-preview":"max-video-preview:-1"},"canonical":"https:\/\/seninterim.sn\/?post_type=job_listing&p=19797","og_locale":"fr_FR","og_type":"article","og_title":"Responsable marketing et commercial - Sen Interim","og_description":"Nous recrutons un responsable marketing et commercial : Exp\u00e9rience : minimum 10 ans dans le domaine du marketing et du commerce Profil recherch\u00e9 : Exp\u00e9rience confirm\u00e9e en gestion marketing et d\u00e9veloppement commercial Comp\u00e9tences en strat\u00e9gie marketing, gestion de leads, n\u00e9gociation et encadrement d&rsquo;\u00e9quipe Bonne connaissance du secteur agroalimentaire\/\u00e9levage ou exp\u00e9rience en \u00e9closerie souhait\u00e9e Capacit\u00e9 \u00e0 [&hellip;]","og_url":"https:\/\/seninterim.sn\/?post_type=job_listing&p=19797","og_site_name":"Sen Interim","article_publisher":"https:\/\/www.facebook.com\/Senegalinterimaire","article_modified_time":"2025-09-14T22:01:49+00:00","twitter_card":"summary_large_image","twitter_site":"@sen_interim","twitter_misc":{"Dur\u00e9e de lecture estim\u00e9e":"1 minute"},"schema":{"@context":"https:\/\/schema.org","@graph":[{"@type":"WebPage","@id":"https:\/\/seninterim.sn\/?post_type=job_listing&p=19797","url":"https:\/\/seninterim.sn\/?post_type=job_listing&p=19797","name":"Responsable marketing et commercial - Sen Interim","isPartOf":{"@id":"https:\/\/seninterim.sn\/#website"},"datePublished":"2025-08-11T09:50:45+00:00","dateModified":"2025-09-14T22:01:49+00:00","breadcrumb":{"@id":"https:\/\/seninterim.sn\/?post_type=job_listing&p=19797#breadcrumb"},"inLanguage":"fr-FR","potentialAction":[{"@type":"ReadAction","target":["https:\/\/seninterim.sn\/?post_type=job_listing&p=19797"]}]},{"@type":"BreadcrumbList","@id":"https:\/\/seninterim.sn\/?post_type=job_listing&p=19797#breadcrumb","itemListElement":[{"@type":"ListItem","position":1,"name":"Home","item":"https:\/\/seninterim.sn\/"},{"@type":"ListItem","position":2,"name":"Responsable marketing et commercial"}]},{"@type":"WebSite","@id":"https:\/\/seninterim.sn\/#website","url":"https:\/\/seninterim.sn\/","name":"Sen Interim","description":"Recruter est un plaisir","publisher":{"@id":"https:\/\/seninterim.sn\/#organization"},"potentialAction":[{"@type":"SearchAction","target":{"@type":"EntryPoint","urlTemplate":"https:\/\/seninterim.sn\/?s={search_term_string}"},"query-input":"required name=search_term_string"}],"inLanguage":"fr-FR"},{"@type":"Organization","@id":"https:\/\/seninterim.sn\/#organization","name":"Sen Interim","url":"https:\/\/seninterim.sn\/","logo":{"@type":"ImageObject","inLanguage":"fr-FR","@id":"https:\/\/seninterim.sn\/#\/schema\/logo\/image\/","url":"https:\/\/seninterim.sn\/wp-content\/uploads\/2022\/07\/cropped-cropped-telechargement-removebg-preview.png","contentUrl":"https:\/\/seninterim.sn\/wp-content\/uploads\/2022\/07\/cropped-cropped-telechargement-removebg-preview.png","width":100,"height":100,"caption":"Sen Interim"},"image":{"@id":"https:\/\/seninterim.sn\/#\/schema\/logo\/image\/"},"sameAs":["https:\/\/www.facebook.com\/Senegalinterimaire","https:\/\/twitter.com\/sen_interim"]}]}},"_links":{"self":[{"href":"https:\/\/seninterim.sn\/index.php\/wp-json\/wp\/v2\/job-listings\/19797","targetHints":{"allow":["GET"]}}],"collection":[{"href":"https:\/\/seninterim.sn\/index.php\/wp-json\/wp\/v2\/job-listings"}],"about":[{"href":"https:\/\/seninterim.sn\/index.php\/wp-json\/wp\/v2\/types\/job_listing"}],"author":[{"embeddable":true,"href":"https:\/\/seninterim.sn\/index.php\/wp-json\/wp\/v2\/users\/1"}],"wp:attachment":[{"href":"https:\/\/seninterim.sn\/index.php\/wp-json\/wp\/v2\/media?parent=19797"}],"wp:term":[{"taxonomy":"job_listing_category","embeddable":true,"href":"https:\/\/seninterim.sn\/index.php\/wp-json\/wp\/v2\/job-categories?post=19797"},{"taxonomy":"job_listing_type","embeddable":true,"href":"https:\/\/seninterim.sn\/index.php\/wp-json\/wp\/v2\/job-types?post=19797"}],"curies":[{"name":"wp","href":"https:\/\/api.w.org\/{rel}","templated":true}]}}